{"id":3,"date":"2019-11-12T15:03:33","date_gmt":"2019-11-12T15:03:33","guid":{"rendered":"http:\/\/godollo.urbango.hu\/?page_id=3"},"modified":"2020-09-15T10:50:17","modified_gmt":"2020-09-15T08:50:17","slug":"adatkezelesi-tajekoztato","status":"publish","type":"page","link":"https:\/\/godollo.urbango.hu\/en\/adatkezelesi-tajekoztato\/","title":{"rendered":"Adatv\u00e9delmi T\u00e1j\u00e9koztat\u00f3"},"content":{"rendered":"<h2 class=\"wp-block-heading\">Az adatkezel\u0151<\/h2>\n\n\n\n<p>\nE-mail c\u00edm:&nbsp;hello.urbango@gmail.com\n<\/p>\n\n\n\n<p>Telefonsz\u00e1m: +36 70 675 1126 &nbsp;h\u00edvhat\u00f3 munkanapokon 10-18 \u00f3ra k\u00f6z\u00f6tt<\/p>\n\n\n\n<p>C\u00e9gn\u00e9v: Urbango Kft.<\/p>\n\n\n\n<p>Sz\u00e9khely: 1126 Budapest, T\u00f3th L\u0151rinc utca 26.<\/p>\n\n\n\n<p>Levelez\u00e9si c\u00edm: 1124 Musk\u00e1tli utca 5.<\/p>\n\n\n\n<p>Weboldal: www.urbango.hu<\/p>\n\n\n\n<p>T\u00e1rhelyszolg\u00e1ltat\u00f3 neve, c\u00edme \u00e9s el\u00e9rhet\u0151s\u00e9ge: Amazon&nbsp;Web Services, Inc. and affiliates,&nbsp;410 Terry Ave. North, Seattle, WA 98109-5210.<\/p>\n\n\n\n<h2 class=\"wp-block-heading\">A honlap tartalma:<\/h2>\n\n\n\n<p>A honlapon tal\u00e1lhat\u00f3 b\u00e1rmilyen inform\u00e1ci\u00f3 kiz\u00e1r\u00f3lag t\u00e1j\u00e9koztat\u00f3 c\u00e9lt szolg\u00e1l. Hab\u00e1r minden inform\u00e1ci\u00f3t az oldal tulajdonosa (tov\u00e1bbiakban: tulajdonos) j\u00f3hiszem\u0171en t\u00f6lt\u00f6tt fel az oldalra, azokra a t\u00e1j\u00e9koz\u00f3d\u00e1son t\u00fal nem lehet \u00e9p\u00edteni, \u00e9s k\u00fcl\u00f6n\u00f6sen az inform\u00e1ci\u00f3k naprak\u00e9sz pontoss\u00e1g\u00e1ra, teljess\u00e9g\u00e9re a tulajdonos semmif\u00e9le garanci\u00e1t nem ad.<\/p>\n\n\n\n<h2 class=\"wp-block-heading\">Szerz\u0151i jogok:<\/h2>\n\n\n\n<p>Az urbango.hu oldalainak c\u00e9lja az inform\u00e1ci\u00f3k \u00e1tad\u00e1sa \u00e9s a kapcsolat\u00e9p\u00edt\u00e9s. A weboldal tartalma, k\u00fcl\u00f6n\u00f6sen az \u00edr\u00e1sok, saj\u00e1t fot\u00f3k, szerz\u0151i jogi v\u00e9delem alatt \u00e1llnak, a vel\u00fck kapcsolatos \u00f6sszes jog gyakorl\u00e1s\u00e1ra a weboldal tulajdonosa kiz\u00e1r\u00f3lagosan jogosult. Tilos a weboldal kereskedelmi felhaszn\u00e1l\u00e1sa r\u00e9szben vagy eg\u00e9szben a tulajdonos el\u0151zetes \u00edr\u00e1sos enged\u00e9lye n\u00e9lk\u00fcl. A felhaszn\u00e1l\u00f3 tudom\u00e1sul veszi, hogy a szerz\u0151i jogok megs\u00e9rt\u00e9se eset\u00e9n a tulajdonos k\u00e1rt\u00e9r\u00edt\u00e9si ig\u00e9nnyel \u00e9lhet, melynek \u00f6sszege jogosulatlanul felhaszn\u00e1lt szavank\u00e9nt 10 000 (t\u00edzezer) forint, k\u00e9penk\u00e9nt 100 000 (sz\u00e1zezer) forint. A felhaszn\u00e1l\u00f3 tudom\u00e1sul veszi, hogy jelen kik\u00f6t\u00e9s nem t\u00falz\u00f3.<\/p>\n\n\n\n<p>A tulajdonos az adatkezel\u00e9si szab\u00e1lyokat elfogad\u00f3 felhaszn\u00e1l\u00f3nak nem kiz\u00e1r\u00f3lagos \u00e9s nem \u00e1truh\u00e1zhat\u00f3 enged\u00e9lyt ad arra, hogy a weboldalt eredeti form\u00e1j\u00e1ban, kiz\u00e1r\u00f3lagosan saj\u00e1t haszn\u00e1lat c\u00e9lj\u00e1ra sz\u00e1m\u00edt\u00f3g\u00e9p\u00e9re let\u00f6ltse, r\u00f6gz\u00edtse, kinyomtassa. Az enged\u00e9ly nem vonatkozik az el\u0151z\u0151ek harmadik f\u00e9l sz\u00e1m\u00e1ra b\u00e1rmilyen form\u00e1ban t\u00f6rt\u00e9n\u0151 hozz\u00e1f\u00e9rhet\u0151v\u00e9 t\u00e9tel\u00e9re.<\/p>\n\n\n\n<h2 class=\"wp-block-heading\">V\u00e1ltoztat\u00e1s joga:<\/h2>\n\n\n\n<p>A tulajdonos jogosult a weboldalon tal\u00e1lhat\u00f3 b\u00e1rmely inform\u00e1ci\u00f3 el\u0151zetes bejelent\u00e9s n\u00e9lk\u00fcli megv\u00e1ltoztat\u00e1s\u00e1ra, k\u00fcl\u00f6n\u00f6s tekintettel az \u00e1rv\u00e1ltoztat\u00e1sra. &nbsp;A v\u00e1ltoztat\u00e1sok mindazon\u00e1ltal csak a megjelen\u00e9s\u00fck ut\u00e1n hat\u00e1lyosak, visszamen\u0151leges hat\u00e1lyuk nincs, kiz\u00e1r\u00f3lag a megjelen\u00e9s\u00fck ut\u00e1ni v\u00e1s\u00e1rl\u00e1sokra \u00e9rv\u00e9nyesek. A tulajdonos t\u00f6rekszik r\u00e1, azonban garanci\u00e1t nem ad arra, hogy a weboldalon el\u00e9rhet\u0151 inform\u00e1ci\u00f3k naprak\u00e9szek legyenek.<\/p>\n\n\n\n<h2 class=\"wp-block-heading\">Inform\u00e1ci\u00f3k gy\u0171jt\u00e9se \u00e9s felhaszn\u00e1l\u00e1sa<\/h2>\n\n\n\n<p>A weboldalon t\u00f6rt\u00e9n\u0151 regisztr\u00e1ci\u00f3 kit\u00f6lt\u00e9s\u00e9vel a megrendel\u0151 hozz\u00e1j\u00e1rul, hogy a tulajdonos a k\u00f6z\u00f6lt szem\u00e9lyes adatokat az inform\u00e1ci\u00f3s \u00f6nrendelkez\u00e9si jogr\u00f3l \u00e9s az inform\u00e1ci\u00f3szabads\u00e1gr\u00f3l sz\u00f3l\u00f3 2011. \u00e9vi CXII. t\u00f6rv\u00e9ny alapj\u00e1n rendel\u00e9sek teljes\u00edt\u00e9se \u00e9s sz\u00e1mla ki\u00e1ll\u00edt\u00e1sa c\u00e9lj\u00e1b\u00f3l kezelje. A megrendel\u0151 az adatainak t\u00f6rl\u00e9s\u00e9t az adatkezel\u0151nek az \u00c1ltal\u00e1nos Szerz\u0151d\u00e9si Felt\u00e9telekben felt\u00fcntetett b\u00e1rmely kapcsolati c\u00edm\u00e9re eljuttatott nyilatkozattal b\u00e1rmikor kezdem\u00e9nyezheti. Ugyanezen c\u00edmeken ny\u00edlik lehet\u0151s\u00e9g a kezelt adatokr\u00f3l sz\u00f3l\u00f3 inform\u00e1ci\u00f3k\u00e9r\u00e9sre is.<\/p>\n\n\n\n<p>T\u00e1j\u00e9koztatjuk, hogy amennyiben adatait \u2013 els\u0151sorban e-mail c\u00edm\u00e9t \u2013 a tulajdonos rendelkez\u00e9s\u00e9re bocs\u00e1totta, kapcsolatba l\u00e9phet\u00fcnk \u00d6nnel.<\/p>\n\n\n\n<p>A tulajdonosnak nem \u00e1ll sz\u00e1nd\u00e9k\u00e1ban b\u00e1rmilyen inform\u00e1ci\u00f3 begy\u0171jt\u00e9se tizennegyedik \u00e9let\u00e9v\u00e9t be nem t\u00f6lt\u00f6tt szem\u00e9lyt\u0151l. Figyelemmel arra, hogy a gyermekek \u2013 vagy m\u00e1s szem\u00e9lyek \u2013 \u00e1ltal megadott adatokkal a vil\u00e1gh\u00e1l\u00f3n illet\u00e9ktelenek vissza\u00e9lhetnek, k\u00e9rj\u00fck a sz\u00fcl\u0151ket, hogy t\u00e1j\u00e9koztass\u00e1k gyermekeiket a szem\u00e9lyes adataik internet-haszn\u00e1lat sor\u00e1n val\u00f3 felel\u0151s, biztons\u00e1gos kezel\u00e9s\u00e9r\u0151l, illetve saj\u00e1t maguk alkalmazz\u00e1k a sz\u00e1m\u00edt\u00f3g\u00e9pes programok \u00e1ltal biztos\u00edtott hozz\u00e1f\u00e9r\u00e9si korl\u00e1toz\u00e1sokat.<\/p>\n\n\n\n<p>A weboldalon t\u00f6rt\u00e9n\u0151 adatkezel\u00e9st a Nemzeti Adatv\u00e9delmi \u00e9s Inform\u00e1ci\u00f3szabads\u00e1g Hat\u00f3s\u00e1g nyilv\u00e1ntart\u00e1sba vette. Az adatkezel\u00e9s nyilv\u00e1ntart\u00e1si sz\u00e1ma: NAIH-109904\/2016.<\/p>\n\n\n\n<h2 class=\"wp-block-heading\">H\u00edrlev\u00e9l<\/h2>\n\n\n\n<p>A tulajdonos nem k\u00edv\u00e1n sz\u00e1mtalan k\u00e9retlen levelet k\u00fcldeni, \u00e9vente 1 maximum 2 esetben k\u00fcld. A h\u00edrlev\u00e9lr\u0151l leiratkozni a tulajdonos el\u00e9rhet\u0151s\u00e9g\u00e9n lehet.<\/p>\n\n\n\n<h2 class=\"wp-block-heading\">Linkek<\/h2>\n\n\n\n<p>A weboldalainkon m\u00e1s weboldalakra mutat\u00f3 hivatkoz\u00e1sok (linkek) szerepelhetnek. A tulajdonos kiz\u00e1r mindennem\u0171 felel\u0151ss\u00e9get ezen weboldalak tartalm\u00e1\u00e9rt \u00e9s azok tulajdonosainak titoktart\u00e1si \u00e9s adatkezel\u00e9si gyakorlat\u00e1\u00e9rt.<\/p>\n\n\n\n<h2 class=\"wp-block-heading\">A cookie-k<\/h2>\n\n\n\n<p>A weboldal szolg\u00e1ltat\u00e1sainak teljes k\u00f6r\u0171 ig\u00e9nybev\u00e9tel\u00e9hez a cookie-k enged\u00e9lyez\u00e9se sz\u00fcks\u00e9ges. Amennyiben nem szeretn\u00e9 enged\u00e9lyezni a cookie-k haszn\u00e1lat\u00e1t, letilthatja azt a b\u00f6ng\u00e9sz\u0151je be\u00e1ll\u00edt\u00e1saiban, azonban ez esetben a weboldal egyes r\u00e9szei csak r\u00e9szben, vagy egy\u00e1ltal\u00e1n nem lesznek haszn\u00e1lhat\u00f3ak.<\/p>\n\n\n\n<h2 class=\"wp-block-heading\">Webstatisztika<\/h2>\n\n\n\n<p>A Google Analytics szoftverrel a weboldalon m\u00e9rj\u00fck az egyes t\u00e9m\u00e1k, \u00edr\u00e1sok, oldalak l\u00e1togatotts\u00e1g\u00e1t az oldalakra, k\u00e9pekre klikkel\u00e9sek sz\u00e1m\u00e1nak m\u00e9r\u00e9s\u00e9vel.<\/p>\n\n\n\n<p>Ek\u00f6zben a weboldal elmentheti az \u00d6n sz\u00e1m\u00edt\u00f3g\u00e9p\u00e9nek IP-c\u00edm\u00e9t, b\u00f6ng\u00e9sz\u0151j\u00e9nek, illetve sz\u00e1m\u00edt\u00f3g\u00e9pe oper\u00e1ci\u00f3s rendszer\u00e9nek t\u00edpus\u00e1t. Ezen inform\u00e1ci\u00f3k nem min\u0151s\u00fclnek szem\u00e9lyes adatnak, gy\u0171jt\u00e9s\u00fck c\u00e9lja kiz\u00e1r\u00f3lag a weboldal fejleszt\u00e9se, a min\u00e9l magasabb l\u00e1togat\u00f3i el\u00e9gedetts\u00e9g el\u00e9r\u00e9s\u00e9re szolg\u00e1l.<\/p>\n\n\n\n<h2 class=\"wp-block-heading\">Alkalmaz\u00e1s<\/h2>\n\n\n\n<p>Az Urbango Applik\u00e1ci\u00f3 \u00e9s weboldal nem tartalmaz \u00e9s nem n\u00e9pszer\u0171s\u00edt semmilyen feln\u0151tt tartalmat (pl: alkohol, doh\u00e1nyterm\u00e9k, ellen\u0151rz\u00f6tt szerek, szerencsej\u00e1t\u00e9k).Az alkalmaz\u00e1s nem tartalmaz er\u0151szakot, v\u00e9rengz\u00e9st, szexu\u00e1lis, p\u00e1rkapcsolati tartalmat \u00e9s egy\u00e9b sokkol\u00f3 tartalmat.Az applik\u00e1ci\u00f3 sz\u00fcl\u0151i fel\u00fcgyelet n\u00e9lk\u00fcl is haszn\u00e1lhat\u00f3, az Urbango Kids p\u00e1lya kifejezetten gyerekeknek k\u00e9sz\u00fclt, gyerekeknek sz\u00f3l\u00f3 tartalommal.Az Urbango Applik\u00e1ci\u00f3ban tal\u00e1lhat\u00f3 minden k\u00fcls\u0151 forr\u00e1sb\u00f3l ( API-k \u00e9s SDK-k )sz\u00e1rmaz\u00f3 tartalom biztons\u00e1gos a gyerekek sz\u00e1m\u00e1ra is.&nbsp;&nbsp;<\/p>\n\n\n\n<h2 class=\"wp-block-heading\">Felel\u0151ss\u00e9g<\/h2>\n\n\n\n<p>A felhaszn\u00e1l\u00f3 a weboldalt kiz\u00e1r\u00f3lag saj\u00e1t felel\u0151ss\u00e9g\u00e9re haszn\u00e1lhatja. A tulajdonos a weboldal haszn\u00e1lata sor\u00e1n az \u00fcgyf\u00e9ln\u00e9l felmer\u00fcl\u0151 k\u00e1rok\u00e9rt kiz\u00e1r mindenf\u00e9le k\u00e1rtalan\u00edt\u00e1si, k\u00e1rt\u00e9r\u00edt\u00e9si ig\u00e9nyt vagy jogi utat.<\/p>\n\n\n\n<h2 class=\"wp-block-heading\">Jogvita<\/h2>\n\n\n\n<p>Jelen felhaszn\u00e1l\u00e1si felt\u00e9telekre a magyar jog el\u0151\u00edr\u00e1sai az ir\u00e1nyad\u00f3ak. Amennyiben vita eset\u00e9n a felek b\u00e9k\u00e9sen megegyezni nem tudnak, a Pesti K\u00f6zponti Ker\u00fcleti, illet\u0151leg a F\u0151v\u00e1rosi B\u00edr\u00f3s\u00e1g per\u00e9rt\u00e9kt\u0151l f\u00fcgg\u0151 kiz\u00e1r\u00f3lagos illet\u00e9kess\u00e9g\u00e9nek vetik al\u00e1 magukat.<\/p>","protected":false},"excerpt":{"rendered":"<p>Az adatkezel\u0151 E-mail c\u00edm:&nbsp;hello.urbango@gmail.com Telefonsz\u00e1m: +36 70 675 1126 &nbsp;h\u00edvhat\u00f3 munkanapokon 10-18 \u00f3ra k\u00f6z\u00f6tt C\u00e9gn\u00e9v: Urbango Kft. Sz\u00e9khely: 1126 Budapest, T\u00f3th L\u0151rinc utca 26. Levelez\u00e9si c\u00edm: 1124 Musk\u00e1tli utca 5. Weboldal: www.urbango.hu T\u00e1rhelyszolg\u00e1ltat\u00f3 neve, c\u00edme \u00e9s el\u00e9rhet\u0151s\u00e9ge: Amazon&nbsp;Web Services, Inc. and affiliates,&nbsp;410 Terry Ave. North, Seattle, WA 98109-5210. A honlap tartalma: A honlapon tal\u00e1lhat\u00f3 b\u00e1rmilyen [&hellip;]<\/p>","protected":false},"author":1,"featured_media":0,"parent":0,"menu_order":0,"comment_status":"closed","ping_status":"open","template":"gdpr.php","meta":{"_acf_changed":false,"footnotes":""},"class_list":["post-3","page","type-page","status-publish","hentry"],"acf":[],"_links":{"self":[{"href":"https:\/\/godollo.urbango.hu\/en\/wp-json\/wp\/v2\/pages\/3"}],"collection":[{"href":"https:\/\/godollo.urbango.hu\/en\/wp-json\/wp\/v2\/pages"}],"about":[{"href":"https:\/\/godollo.urbango.hu\/en\/wp-json\/wp\/v2\/types\/page"}],"author":[{"embeddable":true,"href":"https:\/\/godollo.urbango.hu\/en\/wp-json\/wp\/v2\/users\/1"}],"replies":[{"embeddable":true,"href":"https:\/\/godollo.urbango.hu\/en\/wp-json\/wp\/v2\/comments?post=3"}],"version-history":[{"count":3,"href":"https:\/\/godollo.urbango.hu\/en\/wp-json\/wp\/v2\/pages\/3\/revisions"}],"predecessor-version":[{"id":1871,"href":"https:\/\/godollo.urbango.hu\/en\/wp-json\/wp\/v2\/pages\/3\/revisions\/1871"}],"wp:attachment":[{"href":"https:\/\/godollo.urbango.hu\/en\/wp-json\/wp\/v2\/media?parent=3"}],"curies":[{"name":"wp","href":"https:\/\/api.w.org\/{rel}","templated":true}]}}